{"id":111,"date":"2018-04-26T10:56:29","date_gmt":"2018-04-26T10:56:29","guid":{"rendered":"http:\/\/advertisingsel.selena-work.cloud-press.net\/?page_id=111"},"modified":"2021-11-29T15:49:53","modified_gmt":"2021-11-29T15:49:53","slug":"careers","status":"publish","type":"page","link":"http:\/\/2em.fr\/?page_id=111","title":{"rendered":"CARRI&Egrave;RES"},"content":{"rendered":"<div  data-label=\"Features\" data-id=\"features-13-card-bordered\" data-export-id=\"features-13-card-bordered\" data-category=\"features\" class=\"features-13 content-section content-section-spacing\" id=\"features-7\" style=\"background-color: #ffffff;\">\n<div  class=\"\">\n<div  class=\"row text-center\">\n<div  class=\"section-title-col\" data-type=\"column\">\n<h2  class=\"\" style=\"text-align: left;\"><span  style=\"font-family: Roboto, arial, helvetica, sans-serif;\"> Donnez de nouvelles perspectives <br >\u00e0 votre carri\u00e8re &nbsp;!<\/span><\/h2>\n<p  class=\"lead\"><span  style=\"font-family: verdana, geneva, sans-serif;\">En rejoignant 2EM, vous int\u00e9grez une entreprise a taille humaine &amp; dynamique.\n<\/span>\n<span  style=\"font-family: verdana, geneva, sans-serif;\">\nVous b\u00e9n\u00e9ficiez de belles opportunit\u00e9s pour acc\u00e9l\u00e9rer votre d\u00e9veloppement professionnel.\n<\/span><span  style=\"font-weight: 800;\">REJOIGNEZ-NOUS&nbsp;!<\/span><\/p>\n\n<\/div>\n<\/div>\n<div  class=\"row spaced-cols content-center-sm\" data-type=\"row\">\n<div  class=\"col-sm-4 col-md-3 \">\n<div  class=\"card bordered y-move\" data-type=\"column\">\n\n<a class=\"button y-move small color6 square outline\" href=\"mailto:contact@2em.fr\" target=\"_self\" data-cp-link=\"1\" data-icon=\"fa-angle-double-right\" rel=\"noopener noreferrer\"><span  class=\"button-icon fa fa-angle-double-right\"><\/span> Envoyer votre cv <\/a>\n\n<h5  class=\"\"><span  style=\"color: rgb(26, 88, 224);\">Technicien SSI<\/span>&nbsp;<span  id=\"_mce_caret\" data-mce-bogus=\"1\" data-mce-type=\"format-caret\"><span  style=\"color: rgb(35, 92, 217);\">\ufeff<\/span><\/span><\/h5><\/div>\n<\/div>\n<div  class=\"col-sm-4 col-md-3 \">\n<div  class=\"card bordered y-move\" data-type=\"column\">\n\n<a class=\"button y-move small color6 square outline\" href=\"mailto:contact@2em.fr\" target=\"_self\" data-cp-link=\"1\" data-icon=\"fa-angle-double-right\" rel=\"noopener noreferrer\"><span  class=\"button-icon fa fa-angle-double-right\"><\/span> Envoyez votre CV <\/a>\n\n<h5  class=\"\"><span  style=\"color: rgb(26, 88, 224);\">Charg\u00e9 d\u2019affaires<\/span><br ><\/h5><\/div>\n<\/div>\n<div  class=\"col-sm-4 col-md-3 \">\n<div  class=\"card bordered y-move\" data-type=\"column\">\n\n<a class=\"button y-move small color6 square outline\" href=\"mailto:contact@2em.fr\" target=\"_self\" data-cp-link=\"1\" data-icon=\"fa-angle-double-right\" rel=\"noopener noreferrer\"><span  class=\"button-icon fa fa-angle-double-right\"><\/span> Envoyez votre CV <\/a>\n\n<h5  class=\"\"><span  style=\"color: rgb(26, 88, 224);\">\u00c9lectricien<\/span>&nbsp;<\/h5><\/div>\n<\/div>\n<div  class=\"col-sm-4 col-md-3\">\n<div  class=\"card bordered y-move\" data-type=\"column\">\n\n<a class=\"button y-move small color6 square outline\" href=\"mailto:contact@2em.fr\" target=\"_self\" data-cp-link=\"1\" data-icon=\"fa-angle-double-right\" rel=\"noopener noreferrer\"><span  class=\"button-icon fa fa-angle-double-right\"><\/span> Envoyer votre cv <\/a>\n\n<h5  class=\"\"><span  style=\"color: rgb(26, 88, 224);\">Technicien Clim<\/span>&nbsp;<span  id=\"_mce_caret\" data-mce-bogus=\"1\" data-mce-type=\"format-caret\"><span  style=\"color: rgb(35, 92, 217);\">\ufeff<\/span><\/span><\/h5><\/div>\n<\/div><\/div>\n<\/div>\n<\/div>","protected":false},"excerpt":{"rendered":"<p>Donnez de nouvelles perspectives \u00e0 votre carri\u00e8re &nbsp;! En rejoignant 2EM, vous int\u00e9grez une entreprise a taille humaine &amp; dynamique. Vous b\u00e9n\u00e9ficiez de belles opportunit\u00e9s pour acc\u00e9l\u00e9rer votre d\u00e9veloppement professionnel. REJOIGNEZ-NOUS&nbsp;! Envoyer votre cv Technicien SSI&nbsp;\ufeff Envoyez votre CV Charg\u00e9 d\u2019affaires Envoyez votre CV \u00c9lectricien&nbsp; Envoyer votre cv Technicien Clim&nbsp;\ufeff<\/p>\n","protected":false},"author":1,"featured_media":0,"parent":0,"menu_order":0,"comment_status":"closed","ping_status":"closed","template":"pro\/page-templates\/full-width-page.php","meta":[],"_links":{"self":[{"href":"http:\/\/2em.fr\/index.php?rest_route=\/wp\/v2\/pages\/111"}],"collection":[{"href":"http:\/\/2em.fr\/index.php?rest_route=\/wp\/v2\/pages"}],"about":[{"href":"http:\/\/2em.fr\/index.php?rest_route=\/wp\/v2\/types\/page"}],"author":[{"embeddable":true,"href":"http:\/\/2em.fr\/index.php?rest_route=\/wp\/v2\/users\/1"}],"replies":[{"embeddable":true,"href":"http:\/\/2em.fr\/index.php?rest_route=%2Fwp%2Fv2%2Fcomments&post=111"}],"version-history":[{"count":13,"href":"http:\/\/2em.fr\/index.php?rest_route=\/wp\/v2\/pages\/111\/revisions"}],"predecessor-version":[{"id":550,"href":"http:\/\/2em.fr\/index.php?rest_route=\/wp\/v2\/pages\/111\/revisions\/550"}],"wp:attachment":[{"href":"http:\/\/2em.fr\/index.php?rest_route=%2Fwp%2Fv2%2Fmedia&parent=111"}],"curies":[{"name":"wp","href":"https:\/\/api.w.org\/{rel}","templated":true}]}}